{"id":62738,"date":"2026-06-26T14:03:46","date_gmt":"2026-06-26T12:03:46","guid":{"rendered":"https:\/\/new.sparkoh.be\/?page_id=62738"},"modified":"2026-06-26T14:42:35","modified_gmt":"2026-06-26T12:42:35","slug":"des-expositions-cles-en-main-et-un-savoir-faire-unique-pour-vos-projets-culturels","status":"publish","type":"page","link":"https:\/\/new.sparkoh.be\/nl\/des-expositions-cles-en-main-et-un-savoir-faire-unique-pour-vos-projets-culturels\/","title":{"rendered":"Des expositions en location et un savoir-faire unique pour vos projets culturels"},"content":{"rendered":"\n<div class=\"wp-block-group alignfull spark-page-header has-base-color has-contrast-background-color has-text-color has-background has-link-color wp-elements-1 has-global-padding is-layout-constrained wp-block-group-is-layout-constrained\" style=\"margin-top:0;margin-bottom:0;padding-top:var(--wp--preset--spacing--xx-large);padding-bottom:var(--wp--preset--spacing--xx-large);--octopods-group-overlay-gradient:linear-gradient(0deg,rgb(31,10,102) 6%,rgba(32,10,102,0.76) 47%);--octopods-group-background-image:url(https:\/\/new.sparkoh.be\/wp-content\/uploads\/2026\/06\/ingeniosite.jpg.webp);--octopods-group-background-position:50% 50%;--octopods-group-background-size:contain;--octopods-group-background-repeat:no-repeat;--octopods-group-background-attachment:scroll\">\n<div class=\"wp-block-group spark-page-header__spacer has-global-padding is-layout-constrained wp-container-core-group-is-layout-d2fa5415 wp-block-group-is-layout-constrained\" style=\"margin-top:0;margin-bottom:0;padding-top:0;padding-right:0;padding-bottom:0;padding-left:0\">\n<div style=\"height:110px\" aria-hidden=\"true\" class=\"wp-block-spacer block-visibility-hide-large-screen\"><\/div>\n\n\n\n<div style=\"height:200px\" aria-hidden=\"true\" class=\"wp-block-spacer block-visibility-hide-medium-screen block-visibility-hide-small-screen\"><\/div>\n<\/div>\n\n\n\n<div class=\"wp-block-group is-content-justification-center is-nowrap is-layout-flex wp-container-core-group-is-layout-067023f6 wp-block-group-is-layout-flex\">\n<div>\n<div class=\"wp-block-group has-global-padding is-layout-constrained wp-container-core-group-is-layout-30587519 wp-block-group-is-layout-constrained\">\n<h1 data-aos-duration=\"550\" data-aos-easing=\"ease-in-out\" data-aos-once=\"true\" data-aos=\"scale-in-x\" class=\"wp-block-heading has-text-align-center has-huge-font-size\" id=\"h-des-expositions-a-louer-et-un-savoir-faire-unique-pour-vos-projets-culturels\">Des expositions \u00e0 louer et un savoir-faire unique pour vos projets culturels<\/h1>\n\n\n\n<div class=\"wp-block-group wp-container-content-61715d93 has-global-padding is-layout-constrained wp-container-core-group-is-layout-d1026d51 wp-block-group-is-layout-constrained\">\n<p data-aos-delay=\"100\" data-aos-duration=\"550\" data-aos-easing=\"ease-in-out\" data-aos-once=\"true\" data-aos=\"scale-in-x\" class=\"has-text-align-center has-text-color has-link-color has-large-font-size wp-elements-2 wp-block-paragraph\" style=\"color:#ffffffd1\">SPARK<strong>OH!<\/strong>, c\u2019est plus qu\u2019un science center, c\u2019est aussi un savoir-faire au service des institutions !<\/p>\n<\/div>\n<\/div>\n<\/div>\n<\/div>\n<\/div>\n\n\n\n<div class=\"wp-block-group alignfull has-base-color has-black-background-color has-text-color has-background has-link-color wp-elements-3 has-global-padding is-layout-constrained wp-container-core-group-is-layout-ad20dfcd wp-block-group-is-layout-constrained\" style=\"margin-top:0;margin-bottom:0;padding-top:var(--wp--preset--spacing--x-large);padding-bottom:var(--wp--preset--spacing--x-large)\">\n<div data-aos-duration=\"550\" data-aos-easing=\"ease-in-out\" data-aos-once=\"true\" data-aos=\"scale-in-x\" class=\"wp-block-group spark-intro-block has-global-padding is-layout-constrained wp-container-core-group-is-layout-06b71b94 wp-block-group-is-layout-constrained\" style=\"border-width:1px;padding-top:var(--wp--preset--spacing--large);padding-right:var(--wp--preset--spacing--large);padding-bottom:var(--wp--preset--spacing--large);padding-left:var(--wp--preset--spacing--large)\">\n<div class=\"wp-block-group has-black-background-color has-background is-vertical is-content-justification-center is-layout-flex wp-container-core-group-is-layout-3792b3ac wp-block-group-is-layout-flex has-aspect-ratio\" style=\"border-width:1px;border-radius:500px;padding-top:var(--wp--preset--spacing--x-small);padding-right:var(--wp--preset--spacing--x-small);padding-bottom:var(--wp--preset--spacing--x-small);padding-left:var(--wp--preset--spacing--x-small);--octopods-group-position:absolute;--octopods-group-top:-45px;--octopods-group-left:45px;aspect-ratio:1;height:unset;min-height:unset;\">\n<div class=\"wp-block-getwid-icon\"><div class=\"wp-block-getwid-icon__wrapper\" style=\"font-size:50px;padding:0px\"><i class=\"spark-icon spark-icon-Expo-uncircled\"><\/i><\/div><\/div>\n<\/div>\n\n\n\n<p class=\"wp-block-paragraph\"><strong>Location d\u2019expositions, de films scientifiques et ing\u00e9nierie culturelle<\/strong><br>Que vous soyez un mus\u00e9e, un centre culturel, un science center ou une entreprise \u00e0 vocation scientifique, nous vous proposons des expositions et films en location, ainsi qu\u2019un accompagnement sur mesure pour concevoir vos projets mus\u00e9ographiques.<\/p>\n<\/div>\n<\/div>\n\n\n\n<div style=\"height:100px\" aria-hidden=\"true\" class=\"wp-block-spacer\"><\/div>\n\n\n\n<h2 class=\"wp-block-heading has-text-align-center alignwide\" id=\"h-les-films-en-location\">Les films en location<\/h2>\n\n\n\n<p class=\"has-text-align-center wp-block-paragraph\" id=\"h-les-films-en-locationdes-creations-originales-pour-captiver-les-publics\">Des cr\u00e9ations originales pour captiver les publics<\/p>\n\n\n\n<div class=\"wp-block-group alignfull has-global-padding is-layout-constrained wp-block-group-is-layout-constrained\" style=\"padding-top:var(--wp--preset--spacing--medium);padding-bottom:var(--wp--preset--spacing--medium)\">\n<div>\n<div class=\"wp-block-columns are-vertically-aligned-center is-layout-flex wp-container-core-columns-is-layout-232c1a56 wp-block-columns-is-layout-flex\">\n<div data-aos-duration=\"550\" data-aos-easing=\"ease-in-out\" data-aos-once=\"true\" data-aos=\"scale-in-x\" class=\"wp-block-column is-vertically-aligned-center is-layout-flow wp-block-column-is-layout-flow\">\n<figure class=\"wp-block-embed is-type-video is-provider-youtube wp-block-embed-youtube wp-embed-aspect-16-9 wp-has-aspect-ratio\"><div class=\"wp-block-embed__wrapper\">\n<iframe title=\"PAS BETES - bande annonce\" width=\"500\" height=\"281\" src=\"https:\/\/www.youtube.com\/embed\/CqBXLCdzQzk?feature=oembed&#038;enablejsapi=1&#038;origin=https:\/\/new.sparkoh.be\" frameborder=\"0\" allow=\"accelerometer; autoplay; clipboard-write; encrypted-media; gyroscope; picture-in-picture; web-share\" referrerpolicy=\"strict-origin-when-cross-origin\" allowfullscreen><\/iframe>\n<\/div><\/figure>\n<\/div>\n\n\n\n<div data-aos-delay=\"50\" data-aos-duration=\"550\" data-aos-easing=\"ease-in-out\" data-aos-once=\"true\" data-aos=\"scale-in-x\" class=\"wp-block-column is-vertically-aligned-center is-layout-flow wp-block-column-is-layout-flow\">\n<div class=\"wp-block-group is-vertical is-layout-flex wp-container-core-group-is-layout-8e9f4bbd wp-block-group-is-layout-flex\">\n<p class=\"has-text-color has-link-color has-x-large-font-size wp-elements-4 wp-block-paragraph\" style=\"color:#5049698c;margin-top:0;margin-bottom:0\">Famille \u2022 Scolaire<\/p>\n\n\n\n<h2 id=\"h-pas-betes\" class=\"wp-block-heading has-xx-large-font-size\" style=\"font-style:normal;font-weight:400\">Pas <strong>B\u00eates<\/strong><\/h2>\n<\/div>\n\n\n\n<p class=\"wp-block-paragraph\"><strong>Synopsis :<\/strong><br>Riton, un Border Collie, se r\u00e9veille seul dans un cin\u00e9ma et part \u00e0 la recherche de son ma\u00eetre, Sacha. \u00c0 travers la Belgique, il affronte des d\u00e9fis r\u00e9v\u00e9lant ses capacit\u00e9s cognitives exceptionnelles et rencontre d\u2019autres animaux tout aussi intelligents.<\/p>\n\n\n\n<p class=\"wp-block-paragraph\"><strong>Production :<\/strong><br>Film d\u2019animation r\u00e9alis\u00e9 par <a href=\"https:\/\/www.avrilfilms.com\" target=\"_blank\" rel=\"noreferrer noopener\">Avril Films<\/a>, produit par SPARK<strong>OH!<\/strong><\/p>\n\n\n\n<div class=\"wp-block-group has-primary-color has-text-color has-link-color wp-elements-5 has-global-padding is-layout-constrained wp-container-core-group-is-layout-d3a77d36 wp-block-group-is-layout-constrained\" style=\"border-width:2px;margin-top:var(--wp--preset--spacing--medium);margin-bottom:var(--wp--preset--spacing--small);padding-top:var(--wp--preset--spacing--x-small);padding-right:var(--wp--preset--spacing--small);padding-bottom:var(--wp--preset--spacing--small);padding-left:var(--wp--preset--spacing--small);font-style:normal;font-weight:500\">\n<div class=\"wp-block-group has-base-color has-primary-background-color has-text-color has-background has-link-color wp-elements-6 is-nowrap is-layout-flex wp-container-core-group-is-layout-f0b4ce87 wp-block-group-is-layout-flex\" style=\"margin-top:0;margin-bottom:0;padding-top:0.4em;padding-right:0.75em;padding-bottom:0.4em;padding-left:0.75em;--octopods-group-position:absolute;--octopods-group-top:-21px;--octopods-group-left:-2px\">\n<div class=\"wp-block-getwid-icon\"><div class=\"wp-block-getwid-icon__wrapper\" style=\"font-size:40px;padding:0px\"><i class=\"spark-icon spark-icon-Famille-uncircled\"><\/i><\/div><\/div>\n\n\n\n<p class=\"wp-block-paragraph\">Public<\/p>\n<\/div>\n\n\n\n<div style=\"margin-top:0;margin-bottom:0;height:10px\" aria-hidden=\"true\" class=\"wp-block-spacer\"><\/div>\n\n\n\n<p class=\"wp-block-paragraph\">Dur\u00e9e : 30 min<br>Audience : d\u00e8s 6 ans<\/p>\n<\/div>\n<\/div>\n<\/div>\n<\/div>\n<\/div>\n\n\n\n<div class=\"wp-block-group alignfull has-global-padding is-layout-constrained wp-block-group-is-layout-constrained\" style=\"padding-top:var(--wp--preset--spacing--medium);padding-bottom:var(--wp--preset--spacing--medium)\">\n<div>\n<div class=\"wp-block-columns are-vertically-aligned-center is-layout-flex wp-container-core-columns-is-layout-232c1a56 wp-block-columns-is-layout-flex\">\n<div data-aos-duration=\"550\" data-aos-easing=\"ease-in-out\" data-aos-once=\"true\" data-aos=\"scale-in-x\" class=\"wp-block-column is-vertically-aligned-center is-layout-flow wp-block-column-is-layout-flow\">\n<div class=\"wp-block-group is-vertical is-layout-flex wp-container-core-group-is-layout-8e9f4bbd wp-block-group-is-layout-flex\">\n<p class=\"has-text-color has-link-color has-x-large-font-size wp-elements-7 wp-block-paragraph\" style=\"color:#5049698c;margin-top:0;margin-bottom:0\">Famille \u2022 Scolaire<\/p>\n\n\n\n<h2 id=\"h-ctrl-alt-chaos\" class=\"wp-block-heading has-xx-large-font-size\" style=\"font-style:normal;font-weight:400\">CTRL+ALT<br><strong>CHAOS<\/strong><\/h2>\n<\/div>\n\n\n\n<p class=\"wp-block-paragraph\"><strong>Synopsis :<\/strong><br>Chlo\u00e9, championne d\u2019e-sport, et son \u00e9quipe testent un logiciel r\u00e9volutionnaire pour une entreprise tech. Pi\u00e9g\u00e9es \u00e0 l\u2019int\u00e9rieur du web, elles doivent affronter le chaos num\u00e9rique pour sauver Internet et en percer les myst\u00e8res.<\/p>\n\n\n\n<p class=\"wp-block-paragraph\"><strong>Production :<\/strong><br>R\u00e9alis\u00e9 par <a href=\"https:\/\/aftertouch.be\/\" target=\"_blank\" rel=\"noreferrer noopener\">Aftertouch<\/a> et <a href=\"https:\/\/www.waooh.be\/\" target=\"_blank\" rel=\"noreferrer noopener\">Waooh<\/a>, produit par SPARK<strong>OH!<\/strong><br><\/p>\n\n\n\n<div class=\"wp-block-group has-primary-color has-text-color has-link-color wp-elements-8 has-global-padding is-layout-constrained wp-container-core-group-is-layout-d3a77d36 wp-block-group-is-layout-constrained\" style=\"border-width:2px;margin-top:var(--wp--preset--spacing--medium);margin-bottom:var(--wp--preset--spacing--small);padding-top:var(--wp--preset--spacing--x-small);padding-right:var(--wp--preset--spacing--small);padding-bottom:var(--wp--preset--spacing--small);padding-left:var(--wp--preset--spacing--small);font-style:normal;font-weight:500\">\n<div class=\"wp-block-group has-base-color has-primary-background-color has-text-color has-background has-link-color wp-elements-9 is-nowrap is-layout-flex wp-container-core-group-is-layout-f0b4ce87 wp-block-group-is-layout-flex\" style=\"margin-top:0;margin-bottom:0;padding-top:0.4em;padding-right:0.75em;padding-bottom:0.4em;padding-left:0.75em;--octopods-group-position:absolute;--octopods-group-top:-21px;--octopods-group-left:-2px\">\n<div class=\"wp-block-getwid-icon\"><div class=\"wp-block-getwid-icon__wrapper\" style=\"font-size:40px;padding:0px\"><i class=\"spark-icon spark-icon-Famille-uncircled\"><\/i><\/div><\/div>\n\n\n\n<p class=\"wp-block-paragraph\">Public<\/p>\n<\/div>\n\n\n\n<div style=\"margin-top:0;margin-bottom:0;height:10px\" aria-hidden=\"true\" class=\"wp-block-spacer\"><\/div>\n\n\n\n<p class=\"wp-block-paragraph\">Dur\u00e9e : 30 min<br>Audience : d\u00e8s 8 ans<\/p>\n<\/div>\n<\/div>\n\n\n\n<div data-aos-delay=\"50\" data-aos-duration=\"550\" data-aos-easing=\"ease-in-out\" data-aos-once=\"true\" data-aos=\"scale-in-x\" class=\"wp-block-column is-vertically-aligned-center is-layout-flow wp-block-column-is-layout-flow\">\n<figure class=\"wp-block-embed is-type-video is-provider-youtube wp-block-embed-youtube wp-embed-aspect-16-9 wp-has-aspect-ratio\"><div class=\"wp-block-embed__wrapper\">\n<iframe title=\"Film CTRL + ALT CHAOS du SPARKOH!\" width=\"500\" height=\"281\" src=\"https:\/\/www.youtube.com\/embed\/rTuWEwzf_LA?feature=oembed&#038;enablejsapi=1&#038;origin=https:\/\/new.sparkoh.be\" frameborder=\"0\" allow=\"accelerometer; autoplay; clipboard-write; encrypted-media; gyroscope; picture-in-picture; web-share\" referrerpolicy=\"strict-origin-when-cross-origin\" allowfullscreen><\/iframe>\n<\/div><\/figure>\n<\/div>\n<\/div>\n<\/div>\n<\/div>\n\n\n\n<div style=\"height:60px\" aria-hidden=\"true\" class=\"wp-block-spacer\"><\/div>\n\n\n\n<h2 class=\"wp-block-heading has-text-align-center alignwide\" id=\"h-les-expositions-en-location\">Les expositions en location<\/h2>\n\n\n\n<p class=\"has-text-align-center wp-block-paragraph\" id=\"h-les-films-en-locationdes-creations-originales-pour-captiver-les-publics\">Deux formules disponibles en fonction de vos besoins :<\/p>\n\n\n\n<p class=\"wp-block-paragraph\"><span style=\"background-color: #EBD2F9\"><strong>Pr\u00eat-\u00e0-monter :<\/strong><\/span><br>Nous vous fournissons tous les \u00e9l\u00e9ments (fichiers, plans, notices) pour imprimer et construire l\u2019exposition sur place.<br><span style=\"background-color: #EBD2F9\"><strong>Cl\u00e9 en main :<\/strong><\/span><br>Nous livrons la version itin\u00e9rante de l\u2019exposition, pr\u00eate \u00e0 \u00eatre install\u00e9e dans vos locaux.<\/p>\n\n\n\n<div style=\"height:31px\" aria-hidden=\"true\" class=\"wp-block-spacer\"><\/div>\n\n\n\n<div class=\"wp-block-columns is-layout-flex wp-container-core-columns-is-layout-c603695b wp-block-columns-is-layout-flex\">\n<div class=\"wp-block-column is-layout-flow wp-block-column-is-layout-flow\">\n<figure class=\"wp-block-image size-full\"><a href=\"https:\/\/new.sparkoh.be\/exposition\/toi-demain-les-metiers-du-futur\/\"><img decoding=\"async\" width=\"518\" height=\"875\" src=\"https:\/\/new.sparkoh.be\/wp-content\/uploads\/2022\/09\/toi-demain-musicon.jpg\" alt=\"Musicon - machine \u00e0 musique avec fillette qui joue\" class=\"wp-image-49447\" style=\"aspect-ratio:1;object-fit:cover\" srcset=\"https:\/\/new.sparkoh.be\/wp-content\/uploads\/2022\/09\/toi-demain-musicon.jpg 518w, https:\/\/new.sparkoh.be\/wp-content\/uploads\/2022\/09\/toi-demain-musicon-178x300.jpg 178w, https:\/\/new.sparkoh.be\/wp-content\/uploads\/2022\/09\/toi-demain-musicon-266x450.jpg 266w\" sizes=\"(max-width: 518px) 100vw, 518px\" \/><\/a><\/figure>\n\n\n\n<h3 id=\"h-toi-demain-les-metiers-du-futur\" class=\"wp-block-heading\">Toi demain, les m\u00e9tiers du futur<\/h3>\n\n\n\n<p class=\"wp-block-paragraph\">Astrobiologiste, conducteur de drones ou t\u00e9l\u00e9chirurgien : quel m\u00e9tier choisiras-tu pour fa\u00e7onner la soci\u00e9t\u00e9 de demain ?<br>D\u00e9couvre et exp\u00e9rimente des m\u00e9tiers li\u00e9s aux STEAM (Sciences, Technologie, Ing\u00e9nierie, Arts et Math\u00e9matiques) \u00e0 travers des manipulations interactives. D\u00e9veloppe des comp\u00e9tences cl\u00e9s comme la collaboration, l\u2019observation et la cr\u00e9ativit\u00e9 pour imaginer une carri\u00e8re passionnante et innovante.<\/p>\n\n\n\n<p class=\"has-primary-color has-text-color has-link-color wp-elements-10 wp-block-paragraph\">Une exposition pour r\u00e9fl\u00e9chir aux m\u00e9tiers en constante \u00e9volution et \u00e0 ceux qui restent \u00e0 inventer.<\/p>\n\n\n\n<div class=\"wp-block-buttons is-layout-flex wp-block-buttons-is-layout-flex\">\n<div class=\"wp-block-button is-style-arrow\"><a class=\"wp-block-button__link wp-element-button\" href=\"https:\/\/new.sparkoh.be\/exposition\/toi-demain-les-metiers-du-futur\/\">Toi demain<\/a><\/div>\n<\/div>\n<\/div>\n\n\n\n<div class=\"wp-block-column is-layout-flow wp-block-column-is-layout-flow\">\n<figure class=\"wp-block-image size-large\"><img decoding=\"async\" width=\"1024\" height=\"766\" src=\"https:\/\/new.sparkoh.be\/wp-content\/uploads\/2023\/11\/satelli-terre-changement-climatique-1-1024x766.jpg\" alt=\"Satelli-terre - expo changement climatique\" class=\"wp-image-48624\" style=\"aspect-ratio:1;object-fit:cover\" srcset=\"https:\/\/new.sparkoh.be\/wp-content\/uploads\/2023\/11\/satelli-terre-changement-climatique-1-1024x766.jpg 1024w, https:\/\/new.sparkoh.be\/wp-content\/uploads\/2023\/11\/satelli-terre-changement-climatique-1-300x224.jpg 300w, https:\/\/new.sparkoh.be\/wp-content\/uploads\/2023\/11\/satelli-terre-changement-climatique-1-768x575.jpg 768w, https:\/\/new.sparkoh.be\/wp-content\/uploads\/2023\/11\/satelli-terre-changement-climatique-1-1536x1149.jpg 1536w, https:\/\/new.sparkoh.be\/wp-content\/uploads\/2023\/11\/satelli-terre-changement-climatique-1-600x450.jpg 600w, https:\/\/new.sparkoh.be\/wp-content\/uploads\/2023\/11\/satelli-terre-changement-climatique-1-1200x898.jpg 1200w, https:\/\/new.sparkoh.be\/wp-content\/uploads\/2023\/11\/satelli-terre-changement-climatique-1-1444x1080.jpg 1444w, https:\/\/new.sparkoh.be\/wp-content\/uploads\/2023\/11\/satelli-terre-changement-climatique-1.jpg 2048w\" sizes=\"(max-width: 1024px) 100vw, 1024px\" \/><\/figure>\n\n\n\n<h3 id=\"h-satelli-terre\" class=\"wp-block-heading\">Satelli-TERRE<\/h3>\n\n\n\n<p class=\"wp-block-paragraph\">Satelli-Terre est une exposition photo qui raconte le changement climatique vu depuis l\u2019espace, gr\u00e2ce aux images captur\u00e9es par les satellites d\u2019observation. Elle permet de d\u00e9couvrir, \u00e0 travers des clich\u00e9s spectaculaires et des donn\u00e9es chiffr\u00e9es, l\u2019impact des activit\u00e9s humaines sur notre plan\u00e8te et l\u2019\u00e9volution des ph\u00e9nom\u00e8nes climatiques.<\/p>\n\n\n\n<p class=\"has-primary-color has-text-color has-link-color wp-elements-11 wp-block-paragraph\">Un voyage vertigineux au c\u0153ur de l\u2019imagerie spatiale, r\u00e9v\u00e9lant comment les satellites scrutent en permanence la Terre pour documenter et analyser les transformations environnementales.<\/p>\n\n\n\n<div class=\"wp-block-buttons is-layout-flex wp-block-buttons-is-layout-flex\">\n<div class=\"wp-block-button is-style-default\"><a class=\"wp-block-button__link wp-element-button\">Demander plus d&#8217;infos<\/a><\/div>\n<\/div>\n<\/div>\n\n\n\n<div class=\"wp-block-column is-layout-flow wp-block-column-is-layout-flow\">\n<figure class=\"wp-block-image size-large\"><img decoding=\"async\" width=\"1024\" height=\"683\" src=\"https:\/\/new.sparkoh.be\/wp-content\/uploads\/2018\/04\/Ecrire-avec-la-lumiere-1024x683.jpg\" alt=\"Ecrire avec la lumi\u00e8re au SPARKOH\" class=\"wp-image-58930\" style=\"aspect-ratio:1;object-fit:cover\" srcset=\"https:\/\/new.sparkoh.be\/wp-content\/uploads\/2018\/04\/Ecrire-avec-la-lumiere-1024x683.jpg 1024w, https:\/\/new.sparkoh.be\/wp-content\/uploads\/2018\/04\/Ecrire-avec-la-lumiere-300x200.jpg 300w, https:\/\/new.sparkoh.be\/wp-content\/uploads\/2018\/04\/Ecrire-avec-la-lumiere-768x512.jpg 768w, https:\/\/new.sparkoh.be\/wp-content\/uploads\/2018\/04\/Ecrire-avec-la-lumiere-1536x1025.jpg 1536w, https:\/\/new.sparkoh.be\/wp-content\/uploads\/2018\/04\/Ecrire-avec-la-lumiere-600x400.jpg 600w, https:\/\/new.sparkoh.be\/wp-content\/uploads\/2018\/04\/Ecrire-avec-la-lumiere-1200x801.jpg 1200w, https:\/\/new.sparkoh.be\/wp-content\/uploads\/2018\/04\/Ecrire-avec-la-lumiere-1619x1080.jpg 1619w, https:\/\/new.sparkoh.be\/wp-content\/uploads\/2018\/04\/Ecrire-avec-la-lumiere.jpg 1800w\" sizes=\"(max-width: 1024px) 100vw, 1024px\" \/><\/figure>\n\n\n\n<h3 id=\"h-lumiere\" class=\"wp-block-heading\">Lumi\u00e8re! <\/h3>\n\n\n\n<p class=\"wp-block-paragraph\">Lumi\u00e8re ! est une exposition interactive et po\u00e9tique qui invite le jeune public, de 3 \u00e0 7 ans, \u00e0 observer, jouer, danser et exp\u00e9rimenter avec la lumi\u00e8re.<\/p>\n\n\n\n<p class=\"wp-block-paragraph\">\u00c0 travers des exp\u00e9riences ludiques et sensorielles, chacun peut d\u00e9couvrir les secrets de l\u2019optique : m\u00e9lange des couleurs, formation des ombres, et bien d\u2019autres ph\u00e9nom\u00e8nes lumineux.<\/p>\n\n\n\n<p class=\"has-primary-color has-text-color has-link-color wp-elements-12 wp-block-paragraph\">Une exposition interactive qui transforme la lumi\u00e8re en v\u00e9ritable terrain de jeux et montre comment cette derni\u00e8re influence tout ce que l&#8217;on voit!<\/p>\n\n\n\n<div class=\"wp-block-buttons is-layout-flex wp-block-buttons-is-layout-flex\">\n<div class=\"wp-block-button is-style-arrow\"><a class=\"wp-block-button__link wp-element-button\" href=\"https:\/\/new.sparkoh.be\/exposition\/lumiere\/\">Lumi\u00e8re!<\/a><\/div>\n<\/div>\n<\/div>\n<\/div>\n\n\n\n<div style=\"height:150px\" aria-hidden=\"true\" class=\"wp-block-spacer\"><\/div>\n\n\n\n<div data-aos-duration=\"550\" data-aos-easing=\"ease-in-out\" data-aos-once=\"true\" data-aos=\"scale-in-x\" class=\"wp-block-media-text has-media-on-the-right is-stacked-on-mobile is-vertically-aligned-top is-image-fill-element has-base-color has-text-color has-background has-link-color wp-elements-13\" style=\"background:linear-gradient(45deg,rgb(23,9,63) 0%,rgb(57,16,190) 100%);margin-top:var(--wp--preset--spacing--small);margin-bottom:var(--wp--preset--spacing--small)\"><div class=\"wp-block-media-text__content\">\n<div class=\"wp-block-group is-vertical is-layout-flex wp-container-core-group-is-layout-3d1919c7 wp-block-group-is-layout-flex\" style=\"margin-top:0;margin-bottom:0;padding-top:var(--wp--preset--spacing--medium);padding-bottom:var(--wp--preset--spacing--medium)\">\n<h3 id=\"h-ingenierie-culturelle\" class=\"wp-block-heading\" style=\"font-size:clamp(0.875em, 0.875rem + ((1vw - 0.2em) * 0.098), 0.95em);font-style:normal;font-weight:500;letter-spacing:0.2em;text-transform:uppercase\">Ing\u00e9nierie culturelle<\/h3>\n\n\n\n<p class=\"wp-block-paragraph\">Vous souhaitez transformer une id\u00e9e en une cr\u00e9ation unique ? Notre \u00e9quipe vous accompagne de l\u2019id\u00e9e \u00e0 la r\u00e9alisation pour des projets, adapt\u00e9s \u00e0 vos publics et \u00e0 vos contraintes.<\/p>\n\n\n\n<p class=\"wp-block-paragraph\"><strong>Nos services :<\/strong><\/p>\n\n\n\n<ul class=\"wp-block-list\">\n<li>Conception d\u2019expositions et de dispositifs de m\u00e9diation.<\/li>\n\n\n\n<li>Sc\u00e9nographie et design d\u2019exp\u00e9rience.<\/li>\n\n\n\n<li>Adaptation de contenus scientifiques pour tous les publics.<\/li>\n\n\n\n<li>Gestion de projet et coordination technique.<\/li>\n<\/ul>\n\n\n\n<p class=\"wp-block-paragraph\"><strong>Pourquoi choisir SPARKOH! ?<\/strong><\/p>\n\n\n\n<ul class=\"wp-block-list\">\n<li>Une expertise reconnue en m\u00e9diation scientifique.<\/li>\n\n\n\n<li>Des solutions cr\u00e9atives et sur mesure.<\/li>\n\n\n\n<li>Un accompagnement flexible, de la consultation ponctuelle \u00e0 la gestion compl\u00e8te de projet.<\/li>\n<\/ul>\n<\/div>\n<\/div><figure class=\"wp-block-media-text__media\"><a href=\"#\"><img decoding=\"async\" width=\"1024\" height=\"680\" src=\"https:\/\/new.sparkoh.be\/wp-content\/uploads\/2022\/09\/toi-demain-intelligence-artificielle-1024x680.jpg\" alt=\"Toi demain expo : enfant qui programme un jeu\" class=\"wp-image-49453 size-full\" style=\"object-position:50% 50%\" srcset=\"https:\/\/new.sparkoh.be\/wp-content\/uploads\/2022\/09\/toi-demain-intelligence-artificielle-1024x680.jpg 1024w, https:\/\/new.sparkoh.be\/wp-content\/uploads\/2022\/09\/toi-demain-intelligence-artificielle-300x199.jpg 300w, https:\/\/new.sparkoh.be\/wp-content\/uploads\/2022\/09\/toi-demain-intelligence-artificielle-768x510.jpg 768w, https:\/\/new.sparkoh.be\/wp-content\/uploads\/2022\/09\/toi-demain-intelligence-artificielle-600x399.jpg 600w, https:\/\/new.sparkoh.be\/wp-content\/uploads\/2022\/09\/toi-demain-intelligence-artificielle-1200x797.jpg 1200w, https:\/\/new.sparkoh.be\/wp-content\/uploads\/2022\/09\/toi-demain-intelligence-artificielle.jpg 1395w\" sizes=\"(max-width: 1024px) 100vw, 1024px\" \/><\/a><\/figure><\/div>\n\n\n\n<div style=\"height:150px\" aria-hidden=\"true\" class=\"wp-block-spacer\"><\/div>\n\n\n\n<div class=\"wp-block-group alignfull has-base-color has-primary-background-color has-text-color has-background has-global-padding is-layout-constrained wp-block-group-is-layout-constrained\" style=\"margin-top:0;margin-bottom:0;padding-top:5vw;padding-bottom:5vw;--octopods-group-overlay-gradient:linear-gradient(135deg, var(--wp--preset--color--primary) 0%, var(--wp--preset--color--secondary) 100%)\">\n<div class=\"wp-block-group is-vertical is-content-justification-center is-layout-flex wp-container-core-group-is-layout-8cf32be8 wp-block-group-is-layout-flex\">\n<h2 class=\"wp-block-heading has-text-align-center has-x-large-font-size\" id=\"h-prets-a-collaborer\">Pr\u00eats \u00e0 collaborer ?<\/h2>\n\n\n\n<p class=\"has-text-align-center wp-block-paragraph\">Int\u00e9ress\u00e9\u00b7e par nos offres ou besoin d\u2019un devis personnalis\u00e9 ?<br>Contactez notre \u00e9quipe via le formulaire d\u00e9di\u00e9 pour discuter de vos besoins, obtenir des informations sur les tarifs et les disponibilit\u00e9s.<\/p>\n\n\n\n<p class=\"has-text-align-center wp-block-paragraph\"><\/p>\n\n\n\n<div class=\"wp-block-buttons is-content-justification-right is-layout-flex wp-container-core-buttons-is-layout-fc69e4e3 wp-block-buttons-is-layout-flex\">\n<div class=\"wp-block-button is-style-arrow\"><a class=\"wp-block-button__link has-primary-color has-base-background-color has-text-color has-background wp-element-button\" href=\"https:\/\/sparkoh.be\/formulaire-de-contact-ingenierie-culturelle\/\">Contactez-nous<\/a><\/div>\n<\/div>\n<\/div>\n<\/div>\n","protected":false},"excerpt":{"rendered":"<p>Location d\u2019expositions, de films scientifiques et ing\u00e9nierie culturelleQue vous soyez un mus\u00e9e, un centre culturel, un science center ou une entreprise \u00e0 vocation scientifique, nous vous proposons des expositions et [&hellip;]<\/p>\n","protected":false},"author":3,"featured_media":62749,"parent":0,"menu_order":0,"comment_status":"closed","ping_status":"closed","template":"no-title","meta":{"_acf_changed":false,"inline_featured_image":false,"_EventAllDay":false,"_EventTimezone":"","_EventStartDate":"","_EventEndDate":"","_EventStartDateUTC":"","_EventEndDateUTC":"","_EventShowMap":false,"_EventShowMapLink":false,"_EventURL":"","_EventCost":"","_EventCostDescription":"","_EventCurrencySymbol":"","_EventCurrencyCode":"","_EventCurrencyPosition":"","_EventDateTimeSeparator":"","_EventTimeRangeSeparator":"","_EventOrganizerID":[],"_EventVenueID":[],"_OrganizerEmail":"","_OrganizerPhone":"","_OrganizerWebsite":"","_VenueAddress":"","_VenueCity":"","_VenueCountry":"","_VenueProvince":"","_VenueState":"","_VenueZip":"","_VenuePhone":"","_VenueURL":"","_VenueStateProvince":"","_VenueLat":"","_VenueLng":"","_VenueShowMap":false,"_VenueShowMapLink":false,"footnotes":""},"class_list":["post-62738","page","type-page","status-publish","has-post-thumbnail","hentry"],"yoast_head":"<!-- This site is optimized with the Yoast SEO Premium plugin v25.0 (Yoast SEO v28.3) - https:\/\/yoast.com\/product\/yoast-seo-premium-wordpress\/ -->\n<title>Des expositions en location et un savoir-faire unique pour vos projets culturels - SPARKOH!<\/title>\n<meta name=\"description\" content=\"Vous cherchez un accompagnement d&#039;ing\u00e9nierie culturelle pour la conception de projets mus\u00e9ographiques ou vous souhaitez louer une oeuvre ou une expo SPARKOH!? Contactez-nous !\" \/>\n<meta name=\"robots\" content=\"noindex, follow, max-snippet:-1, max-image-preview:large, max-video-preview:-1\" \/>\n<meta property=\"og:locale\" content=\"nl_NL\" \/>\n<meta property=\"og:type\" content=\"article\" \/>\n<meta property=\"og:title\" content=\"Des expositions en location et un savoir-faire unique pour vos projets culturels\" \/>\n<meta property=\"og:description\" content=\"Vous cherchez un accompagnement d&#039;ing\u00e9nierie culturelle pour la conception de projets mus\u00e9ographiques ou vous souhaitez louer une oeuvre ou une expo SPARKOH!? Contactez-nous !\" \/>\n<meta property=\"og:url\" content=\"https:\/\/new.sparkoh.be\/nl\/des-expositions-cles-en-main-et-un-savoir-faire-unique-pour-vos-projets-culturels\/\" \/>\n<meta property=\"og:site_name\" content=\"SPARKOH!\" \/>\n<meta property=\"article:modified_time\" content=\"2026-06-26T12:42:35+00:00\" \/>\n<meta property=\"og:image\" content=\"https:\/\/new.sparkoh.be\/wp-content\/uploads\/2026\/06\/ingeniosite.jpg.webp\" \/>\n\t<meta property=\"og:image:width\" content=\"1035\" \/>\n\t<meta property=\"og:image:height\" content=\"710\" \/>\n\t<meta property=\"og:image:type\" content=\"image\/webp\" \/>\n<meta name=\"twitter:card\" content=\"summary_large_image\" \/>\n<meta name=\"twitter:label1\" content=\"Geschatte leestijd\" \/>\n\t<meta name=\"twitter:data1\" content=\"8 minuten\" \/>\n<script type=\"application\/ld+json\" class=\"yoast-schema-graph\">{\"@context\":\"https:\\\/\\\/schema.org\",\"@graph\":[{\"@type\":\"WebPage\",\"@id\":\"https:\\\/\\\/new.sparkoh.be\\\/nl\\\/des-expositions-cles-en-main-et-un-savoir-faire-unique-pour-vos-projets-culturels\\\/\",\"url\":\"https:\\\/\\\/new.sparkoh.be\\\/nl\\\/des-expositions-cles-en-main-et-un-savoir-faire-unique-pour-vos-projets-culturels\\\/\",\"name\":\"Des expositions en location et un savoir-faire unique pour vos projets culturels - SPARKOH!\",\"isPartOf\":{\"@id\":\"https:\\\/\\\/new.sparkoh.be\\\/nl\\\/#website\"},\"primaryImageOfPage\":{\"@id\":\"https:\\\/\\\/new.sparkoh.be\\\/nl\\\/des-expositions-cles-en-main-et-un-savoir-faire-unique-pour-vos-projets-culturels\\\/#primaryimage\"},\"image\":{\"@id\":\"https:\\\/\\\/new.sparkoh.be\\\/nl\\\/des-expositions-cles-en-main-et-un-savoir-faire-unique-pour-vos-projets-culturels\\\/#primaryimage\"},\"thumbnailUrl\":\"https:\\\/\\\/new.sparkoh.be\\\/wp-content\\\/uploads\\\/2026\\\/06\\\/ingeniosite.jpg.webp\",\"datePublished\":\"2026-06-26T12:03:46+00:00\",\"dateModified\":\"2026-06-26T12:42:35+00:00\",\"description\":\"Vous cherchez un accompagnement d'ing\u00e9nierie culturelle pour la conception de projets mus\u00e9ographiques ou vous souhaitez louer une oeuvre ou une expo SPARKOH!? Contactez-nous !\",\"breadcrumb\":{\"@id\":\"https:\\\/\\\/new.sparkoh.be\\\/nl\\\/des-expositions-cles-en-main-et-un-savoir-faire-unique-pour-vos-projets-culturels\\\/#breadcrumb\"},\"inLanguage\":\"nl-NL\",\"potentialAction\":[{\"@type\":\"ReadAction\",\"target\":[\"https:\\\/\\\/new.sparkoh.be\\\/nl\\\/des-expositions-cles-en-main-et-un-savoir-faire-unique-pour-vos-projets-culturels\\\/\"]}]},{\"@type\":\"ImageObject\",\"inLanguage\":\"nl-NL\",\"@id\":\"https:\\\/\\\/new.sparkoh.be\\\/nl\\\/des-expositions-cles-en-main-et-un-savoir-faire-unique-pour-vos-projets-culturels\\\/#primaryimage\",\"url\":\"https:\\\/\\\/new.sparkoh.be\\\/wp-content\\\/uploads\\\/2026\\\/06\\\/ingeniosite.jpg.webp\",\"contentUrl\":\"https:\\\/\\\/new.sparkoh.be\\\/wp-content\\\/uploads\\\/2026\\\/06\\\/ingeniosite.jpg.webp\",\"width\":1035,\"height\":710,\"caption\":\"Ingeniocit\u00e9 enfants au sparkoh qui jouent avec un m\u00e9cano g\u00e9ant\"},{\"@type\":\"BreadcrumbList\",\"@id\":\"https:\\\/\\\/new.sparkoh.be\\\/nl\\\/des-expositions-cles-en-main-et-un-savoir-faire-unique-pour-vos-projets-culturels\\\/#breadcrumb\",\"itemListElement\":[{\"@type\":\"ListItem\",\"position\":1,\"name\":\"Home\",\"item\":\"https:\\\/\\\/new.sparkoh.be\\\/nl\\\/\"},{\"@type\":\"ListItem\",\"position\":2,\"name\":\"Des expositions en location et un savoir-faire unique pour vos projets culturels\"}]},{\"@type\":\"WebSite\",\"@id\":\"https:\\\/\\\/new.sparkoh.be\\\/nl\\\/#website\",\"url\":\"https:\\\/\\\/new.sparkoh.be\\\/nl\\\/\",\"name\":\"SPARKOH!\",\"description\":\"Venez vivre des \u00e9motions scientifiquement prouv\u00e9es\",\"publisher\":{\"@id\":\"https:\\\/\\\/new.sparkoh.be\\\/nl\\\/#organization\"},\"potentialAction\":[{\"@type\":\"SearchAction\",\"target\":{\"@type\":\"EntryPoint\",\"urlTemplate\":\"https:\\\/\\\/new.sparkoh.be\\\/nl\\\/?s={search_term_string}\"},\"query-input\":{\"@type\":\"PropertyValueSpecification\",\"valueRequired\":true,\"valueName\":\"search_term_string\"}}],\"inLanguage\":\"nl-NL\"},{\"@type\":\"Organization\",\"@id\":\"https:\\\/\\\/new.sparkoh.be\\\/nl\\\/#organization\",\"name\":\"SPARKOH!\",\"url\":\"https:\\\/\\\/new.sparkoh.be\\\/nl\\\/\",\"logo\":{\"@type\":\"ImageObject\",\"inLanguage\":\"nl-NL\",\"@id\":\"https:\\\/\\\/new.sparkoh.be\\\/nl\\\/#\\\/schema\\\/logo\\\/image\\\/\",\"url\":\"https:\\\/\\\/new.sparkoh.be\\\/wp-content\\\/uploads\\\/2025\\\/08\\\/logo.svg\",\"contentUrl\":\"https:\\\/\\\/new.sparkoh.be\\\/wp-content\\\/uploads\\\/2025\\\/08\\\/logo.svg\",\"caption\":\"SPARKOH!\"},\"image\":{\"@id\":\"https:\\\/\\\/new.sparkoh.be\\\/nl\\\/#\\\/schema\\\/logo\\\/image\\\/\"}}]}<\/script>\n<!-- \/ Yoast SEO Premium plugin. -->","yoast_head_json":{"title":"Des expositions en location et un savoir-faire unique pour vos projets culturels - SPARKOH!","description":"Vous cherchez un accompagnement d'ing\u00e9nierie culturelle pour la conception de projets mus\u00e9ographiques ou vous souhaitez louer une oeuvre ou une expo SPARKOH!? Contactez-nous !","robots":{"index":"noindex","follow":"follow","max-snippet":"max-snippet:-1","max-image-preview":"max-image-preview:large","max-video-preview":"max-video-preview:-1"},"og_locale":"nl_NL","og_type":"article","og_title":"Des expositions en location et un savoir-faire unique pour vos projets culturels","og_description":"Vous cherchez un accompagnement d'ing\u00e9nierie culturelle pour la conception de projets mus\u00e9ographiques ou vous souhaitez louer une oeuvre ou une expo SPARKOH!? Contactez-nous !","og_url":"https:\/\/new.sparkoh.be\/nl\/des-expositions-cles-en-main-et-un-savoir-faire-unique-pour-vos-projets-culturels\/","og_site_name":"SPARKOH!","article_modified_time":"2026-06-26T12:42:35+00:00","og_image":[{"width":1035,"height":710,"url":"https:\/\/new.sparkoh.be\/wp-content\/uploads\/2026\/06\/ingeniosite.jpg.webp","type":"image\/webp"}],"twitter_card":"summary_large_image","twitter_misc":{"Geschatte leestijd":"8 minuten"},"schema":{"@context":"https:\/\/schema.org","@graph":[{"@type":"WebPage","@id":"https:\/\/new.sparkoh.be\/nl\/des-expositions-cles-en-main-et-un-savoir-faire-unique-pour-vos-projets-culturels\/","url":"https:\/\/new.sparkoh.be\/nl\/des-expositions-cles-en-main-et-un-savoir-faire-unique-pour-vos-projets-culturels\/","name":"Des expositions en location et un savoir-faire unique pour vos projets culturels - SPARKOH!","isPartOf":{"@id":"https:\/\/new.sparkoh.be\/nl\/#website"},"primaryImageOfPage":{"@id":"https:\/\/new.sparkoh.be\/nl\/des-expositions-cles-en-main-et-un-savoir-faire-unique-pour-vos-projets-culturels\/#primaryimage"},"image":{"@id":"https:\/\/new.sparkoh.be\/nl\/des-expositions-cles-en-main-et-un-savoir-faire-unique-pour-vos-projets-culturels\/#primaryimage"},"thumbnailUrl":"https:\/\/new.sparkoh.be\/wp-content\/uploads\/2026\/06\/ingeniosite.jpg.webp","datePublished":"2026-06-26T12:03:46+00:00","dateModified":"2026-06-26T12:42:35+00:00","description":"Vous cherchez un accompagnement d'ing\u00e9nierie culturelle pour la conception de projets mus\u00e9ographiques ou vous souhaitez louer une oeuvre ou une expo SPARKOH!? Contactez-nous !","breadcrumb":{"@id":"https:\/\/new.sparkoh.be\/nl\/des-expositions-cles-en-main-et-un-savoir-faire-unique-pour-vos-projets-culturels\/#breadcrumb"},"inLanguage":"nl-NL","potentialAction":[{"@type":"ReadAction","target":["https:\/\/new.sparkoh.be\/nl\/des-expositions-cles-en-main-et-un-savoir-faire-unique-pour-vos-projets-culturels\/"]}]},{"@type":"ImageObject","inLanguage":"nl-NL","@id":"https:\/\/new.sparkoh.be\/nl\/des-expositions-cles-en-main-et-un-savoir-faire-unique-pour-vos-projets-culturels\/#primaryimage","url":"https:\/\/new.sparkoh.be\/wp-content\/uploads\/2026\/06\/ingeniosite.jpg.webp","contentUrl":"https:\/\/new.sparkoh.be\/wp-content\/uploads\/2026\/06\/ingeniosite.jpg.webp","width":1035,"height":710,"caption":"Ingeniocit\u00e9 enfants au sparkoh qui jouent avec un m\u00e9cano g\u00e9ant"},{"@type":"BreadcrumbList","@id":"https:\/\/new.sparkoh.be\/nl\/des-expositions-cles-en-main-et-un-savoir-faire-unique-pour-vos-projets-culturels\/#breadcrumb","itemListElement":[{"@type":"ListItem","position":1,"name":"Home","item":"https:\/\/new.sparkoh.be\/nl\/"},{"@type":"ListItem","position":2,"name":"Des expositions en location et un savoir-faire unique pour vos projets culturels"}]},{"@type":"WebSite","@id":"https:\/\/new.sparkoh.be\/nl\/#website","url":"https:\/\/new.sparkoh.be\/nl\/","name":"SPARKOH!","description":"Venez vivre des \u00e9motions scientifiquement prouv\u00e9es","publisher":{"@id":"https:\/\/new.sparkoh.be\/nl\/#organization"},"potentialAction":[{"@type":"SearchAction","target":{"@type":"EntryPoint","urlTemplate":"https:\/\/new.sparkoh.be\/nl\/?s={search_term_string}"},"query-input":{"@type":"PropertyValueSpecification","valueRequired":true,"valueName":"search_term_string"}}],"inLanguage":"nl-NL"},{"@type":"Organization","@id":"https:\/\/new.sparkoh.be\/nl\/#organization","name":"SPARKOH!","url":"https:\/\/new.sparkoh.be\/nl\/","logo":{"@type":"ImageObject","inLanguage":"nl-NL","@id":"https:\/\/new.sparkoh.be\/nl\/#\/schema\/logo\/image\/","url":"https:\/\/new.sparkoh.be\/wp-content\/uploads\/2025\/08\/logo.svg","contentUrl":"https:\/\/new.sparkoh.be\/wp-content\/uploads\/2025\/08\/logo.svg","caption":"SPARKOH!"},"image":{"@id":"https:\/\/new.sparkoh.be\/nl\/#\/schema\/logo\/image\/"}}]}},"acf":[],"_links":{"self":[{"href":"https:\/\/new.sparkoh.be\/nl\/wp-json\/wp\/v2\/pages\/62738","targetHints":{"allow":["GET"]}}],"collection":[{"href":"https:\/\/new.sparkoh.be\/nl\/wp-json\/wp\/v2\/pages"}],"about":[{"href":"https:\/\/new.sparkoh.be\/nl\/wp-json\/wp\/v2\/types\/page"}],"author":[{"embeddable":true,"href":"https:\/\/new.sparkoh.be\/nl\/wp-json\/wp\/v2\/users\/3"}],"replies":[{"embeddable":true,"href":"https:\/\/new.sparkoh.be\/nl\/wp-json\/wp\/v2\/comments?post=62738"}],"version-history":[{"count":13,"href":"https:\/\/new.sparkoh.be\/nl\/wp-json\/wp\/v2\/pages\/62738\/revisions"}],"predecessor-version":[{"id":62758,"href":"https:\/\/new.sparkoh.be\/nl\/wp-json\/wp\/v2\/pages\/62738\/revisions\/62758"}],"wp:featuredmedia":[{"embeddable":true,"href":"https:\/\/new.sparkoh.be\/nl\/wp-json\/wp\/v2\/media\/62749"}],"wp:attachment":[{"href":"https:\/\/new.sparkoh.be\/nl\/wp-json\/wp\/v2\/media?parent=62738"}],"curies":[{"name":"wp","href":"https:\/\/api.w.org\/{rel}","templated":true}]}}